{"id":254,"date":"2023-09-14T17:41:08","date_gmt":"2023-09-14T17:41:08","guid":{"rendered":"https:\/\/lloretbatega.cat\/?page_id=254"},"modified":"2025-09-08T14:09:12","modified_gmt":"2025-09-08T14:09:12","slug":"el-passeig-batega","status":"publish","type":"page","link":"https:\/\/lloretbatega.cat\/?page_id=254","title":{"rendered":"El Passeig Batega"},"content":{"rendered":"\t\t<div data-elementor-type=\"wp-page\" data-elementor-id=\"254\" class=\"elementor elementor-254\" data-elementor-post-type=\"page\">\n\t\t\t\t<div class=\"elementor-element elementor-element-c6f8d63 e-flex e-con-boxed e-con e-parent\" data-id=\"c6f8d63\" data-element_type=\"container\" data-e-type=\"container\">\n\t\t\t\t\t<div class=\"e-con-inner\">\n\t\t\t\t<div class=\"elementor-element elementor-element-521e827 elementor-widget elementor-widget-image\" data-id=\"521e827\" data-element_type=\"widget\" data-e-type=\"widget\" data-widget_type=\"image.default\">\n\t\t\t\t<div class=\"elementor-widget-container\">\n\t\t\t\t\t\t\t\t\t\t\t\t\t\t\t<img fetchpriority=\"high\" decoding=\"async\" width=\"2231\" height=\"1080\" src=\"https:\/\/lloretbatega.cat\/wp-content\/uploads\/2023\/09\/passeig-batega.png\" class=\"attachment-full size-full wp-image-108\" alt=\"El passeig batega\" srcset=\"https:\/\/lloretbatega.cat\/wp-content\/uploads\/2023\/09\/passeig-batega.png 2231w, https:\/\/lloretbatega.cat\/wp-content\/uploads\/2023\/09\/passeig-batega-300x145.png 300w, https:\/\/lloretbatega.cat\/wp-content\/uploads\/2023\/09\/passeig-batega-1024x496.png 1024w, https:\/\/lloretbatega.cat\/wp-content\/uploads\/2023\/09\/passeig-batega-768x372.png 768w, https:\/\/lloretbatega.cat\/wp-content\/uploads\/2023\/09\/passeig-batega-1536x744.png 1536w, https:\/\/lloretbatega.cat\/wp-content\/uploads\/2023\/09\/passeig-batega-2048x991.png 2048w\" sizes=\"(max-width: 2231px) 100vw, 2231px\" \/>\t\t\t\t\t\t\t\t\t\t\t\t\t\t\t<\/div>\n\t\t\t\t<\/div>\n\t\t\t\t\t<\/div>\n\t\t\t\t<\/div>\n\t\t<div class=\"elementor-element elementor-element-2e551f6a e-con-full e-flex e-con e-parent\" data-id=\"2e551f6a\" data-element_type=\"container\" data-e-type=\"container\" id=\"next\">\n\t\t<div class=\"elementor-element elementor-element-57cf3a67 e-con-full e-flex e-con e-child\" data-id=\"57cf3a67\" data-element_type=\"container\" data-e-type=\"container\">\n\t\t<div class=\"elementor-element elementor-element-1ff00dc8 e-con-full e-flex e-con e-child\" data-id=\"1ff00dc8\" data-element_type=\"container\" data-e-type=\"container\">\n\t\t\t\t<div class=\"elementor-element elementor-element-3352eccf elementor-widget__width-initial elementor-widget-tablet__width-initial elementor-widget-mobile__width-inherit elementor-widget elementor-widget-icon-box\" data-id=\"3352eccf\" data-element_type=\"widget\" data-e-type=\"widget\" data-widget_type=\"icon-box.default\">\n\t\t\t\t<div class=\"elementor-widget-container\">\n\t\t\t\t\t\t\t<div class=\"elementor-icon-box-wrapper\">\n\n\t\t\t\n\t\t\t\t\t\t<div class=\"elementor-icon-box-content\">\n\n\t\t\t\t\t\t\t\t\t<h4 class=\"elementor-icon-box-title\">\n\t\t\t\t\t\t<span  >\n\t\t\t\t\t\t\tLLORET RESPIRA\t\t\t\t\t\t<\/span>\n\t\t\t\t\t<\/h4>\n\t\t\t\t\n\t\t\t\t\t\t\t\t\t<p class=\"elementor-icon-box-description\">\n\t\t\t\t\t\tMenys contaminaci\u00f3, m\u00e9s sostenibilitat. Redu\u00efm la quantitat de vehicles que circulen per primera l\u00ednia de mar.\t\t\t\t\t<\/p>\n\t\t\t\t\n\t\t\t<\/div>\n\t\t\t\n\t\t<\/div>\n\t\t\t\t\t\t<\/div>\n\t\t\t\t<\/div>\n\t\t\t\t<\/div>\n\t\t<div class=\"elementor-element elementor-element-a784a68 e-con-full e-flex e-con e-child\" data-id=\"a784a68\" data-element_type=\"container\" data-e-type=\"container\">\n\t\t\t\t<div class=\"elementor-element elementor-element-5a68515 elementor-widget__width-initial elementor-widget-tablet__width-initial elementor-widget-mobile__width-inherit elementor-widget elementor-widget-icon-box\" data-id=\"5a68515\" data-element_type=\"widget\" data-e-type=\"widget\" data-widget_type=\"icon-box.default\">\n\t\t\t\t<div class=\"elementor-widget-container\">\n\t\t\t\t\t\t\t<div class=\"elementor-icon-box-wrapper\">\n\n\t\t\t\n\t\t\t\t\t\t<div class=\"elementor-icon-box-content\">\n\n\t\t\t\t\t\t\t\t\t<h4 class=\"elementor-icon-box-title\">\n\t\t\t\t\t\t<span  >\n\t\t\t\t\t\t\tM\u00c9S TRANQUIL\u00b7LITAT\t\t\t\t\t\t<\/span>\n\t\t\t\t\t<\/h4>\n\t\t\t\t\n\t\t\t\t\t\t\t\t\t<p class=\"elementor-icon-box-description\">\n\t\t\t\t\t\tMinorem el soroll, la densitat de tr\u00e0nsit i el ritme fren\u00e8tic afavorint un entorn m\u00e9s segur i amable.\t\t\t\t\t<\/p>\n\t\t\t\t\n\t\t\t<\/div>\n\t\t\t\n\t\t<\/div>\n\t\t\t\t\t\t<\/div>\n\t\t\t\t<\/div>\n\t\t\t\t<\/div>\n\t\t<div class=\"elementor-element elementor-element-ea05ffc e-con-full e-flex e-con e-child\" data-id=\"ea05ffc\" data-element_type=\"container\" data-e-type=\"container\">\n\t\t\t\t<div class=\"elementor-element elementor-element-b2591f8 elementor-widget__width-initial elementor-widget-tablet__width-initial elementor-widget-mobile__width-inherit elementor-widget elementor-widget-icon-box\" data-id=\"b2591f8\" data-element_type=\"widget\" data-e-type=\"widget\" data-widget_type=\"icon-box.default\">\n\t\t\t\t<div class=\"elementor-widget-container\">\n\t\t\t\t\t\t\t<div class=\"elementor-icon-box-wrapper\">\n\n\t\t\t\n\t\t\t\t\t\t<div class=\"elementor-icon-box-content\">\n\n\t\t\t\t\t\t\t\t\t<h4 class=\"elementor-icon-box-title\">\n\t\t\t\t\t\t<span  >\n\t\t\t\t\t\t\tFEM SALUT\t\t\t\t\t\t<\/span>\n\t\t\t\t\t<\/h4>\n\t\t\t\t\n\t\t\t\t\t\t\t\t\t<p class=\"elementor-icon-box-description\">\n\t\t\t\t\t\tFomentem els despla\u00e7aments a peu i en bicicleta i els seus beneficis per al benestar f\u00edsic i emocional. \t\t\t\t\t<\/p>\n\t\t\t\t\n\t\t\t<\/div>\n\t\t\t\n\t\t<\/div>\n\t\t\t\t\t\t<\/div>\n\t\t\t\t<\/div>\n\t\t\t\t<\/div>\n\t\t<div class=\"elementor-element elementor-element-81a39b7 e-con-full e-flex e-con e-child\" data-id=\"81a39b7\" data-element_type=\"container\" data-e-type=\"container\">\n\t\t\t\t<div class=\"elementor-element elementor-element-9185eaa elementor-widget__width-initial elementor-widget-tablet__width-initial elementor-widget-mobile__width-inherit elementor-widget elementor-widget-icon-box\" data-id=\"9185eaa\" data-element_type=\"widget\" data-e-type=\"widget\" data-widget_type=\"icon-box.default\">\n\t\t\t\t<div class=\"elementor-widget-container\">\n\t\t\t\t\t\t\t<div class=\"elementor-icon-box-wrapper\">\n\n\t\t\t\n\t\t\t\t\t\t<div class=\"elementor-icon-box-content\">\n\n\t\t\t\t\t\t\t\t\t<h4 class=\"elementor-icon-box-title\">\n\t\t\t\t\t\t<span  >\n\t\t\t\t\t\t\tCREEM COMUNITAT\t\t\t\t\t\t<\/span>\n\t\t\t\t\t<\/h4>\n\t\t\t\t\n\t\t\t\t\t\t\t\t\t<p class=\"elementor-icon-box-description\">\n\t\t\t\t\t\tImpulsem un nou espai a primera l\u00ednia de mar amb moltes possibilitats per gaudir del nostre entorn en fam\u00edlia.\t\t\t\t\t<\/p>\n\t\t\t\t\n\t\t\t<\/div>\n\t\t\t\n\t\t<\/div>\n\t\t\t\t\t\t<\/div>\n\t\t\t\t<\/div>\n\t\t\t\t<\/div>\n\t\t\t\t<\/div>\n\t\t\t\t<\/div>\n\t\t<div class=\"elementor-element elementor-element-4958e5ce e-con-full e-flex e-con e-parent\" data-id=\"4958e5ce\" data-element_type=\"container\" data-e-type=\"container\">\n\t\t<div class=\"elementor-element elementor-element-e8af797 e-con-full e-flex e-con e-child\" data-id=\"e8af797\" data-element_type=\"container\" data-e-type=\"container\">\n\t\t\t\t<div class=\"elementor-element elementor-element-170e421c animated-slow elementor-invisible elementor-widget elementor-widget-heading\" data-id=\"170e421c\" data-element_type=\"widget\" data-e-type=\"widget\" data-settings=\"{&quot;_animation&quot;:&quot;slideInUp&quot;}\" data-widget_type=\"heading.default\">\n\t\t\t\t<div class=\"elementor-widget-container\">\n\t\t\t\t\t<h3 class=\"elementor-heading-title elementor-size-default\">COM BATEGAR?<\/h3>\t\t\t\t<\/div>\n\t\t\t\t<\/div>\n\t\t\t\t<\/div>\n\t\t<div class=\"elementor-element elementor-element-75a3e2e4 e-con-full e-flex e-con e-child\" data-id=\"75a3e2e4\" data-element_type=\"container\" data-e-type=\"container\">\n\t\t<div class=\"elementor-element elementor-element-55864fdf e-con-full e-flex e-con e-child\" data-id=\"55864fdf\" data-element_type=\"container\" data-e-type=\"container\" data-settings=\"{&quot;background_background&quot;:&quot;classic&quot;}\">\n\t\t\t\t<div class=\"elementor-element elementor-element-2566b7e4 elementor-widget elementor-widget-image\" data-id=\"2566b7e4\" data-element_type=\"widget\" data-e-type=\"widget\" data-widget_type=\"image.default\">\n\t\t\t\t<div class=\"elementor-widget-container\">\n\t\t\t\t\t\t\t\t\t\t\t\t\t\t\t<img decoding=\"async\" width=\"4535\" height=\"3023\" src=\"https:\/\/lloretbatega.cat\/wp-content\/uploads\/2023\/09\/concepto-playa-bicicleta-v2.png\" class=\"attachment-full size-full wp-image-268\" alt=\"\" srcset=\"https:\/\/lloretbatega.cat\/wp-content\/uploads\/2023\/09\/concepto-playa-bicicleta-v2.png 4535w, https:\/\/lloretbatega.cat\/wp-content\/uploads\/2023\/09\/concepto-playa-bicicleta-v2-300x200.png 300w, https:\/\/lloretbatega.cat\/wp-content\/uploads\/2023\/09\/concepto-playa-bicicleta-v2-1024x683.png 1024w, https:\/\/lloretbatega.cat\/wp-content\/uploads\/2023\/09\/concepto-playa-bicicleta-v2-768x512.png 768w, https:\/\/lloretbatega.cat\/wp-content\/uploads\/2023\/09\/concepto-playa-bicicleta-v2-1536x1024.png 1536w, https:\/\/lloretbatega.cat\/wp-content\/uploads\/2023\/09\/concepto-playa-bicicleta-v2-2048x1365.png 2048w\" sizes=\"(max-width: 4535px) 100vw, 4535px\" \/>\t\t\t\t\t\t\t\t\t\t\t\t\t\t\t<\/div>\n\t\t\t\t<\/div>\n\t\t\t\t<div class=\"elementor-element elementor-element-335951b0 elementor-invisible elementor-widget elementor-widget-image-box\" data-id=\"335951b0\" data-element_type=\"widget\" data-e-type=\"widget\" data-settings=\"{&quot;_animation&quot;:&quot;fadeInDown&quot;}\" data-widget_type=\"image-box.default\">\n\t\t\t\t<div class=\"elementor-widget-container\">\n\t\t\t\t\t<div class=\"elementor-image-box-wrapper\"><div class=\"elementor-image-box-content\"><h4 class=\"elementor-image-box-title\">A PEU<\/h4><p class=\"elementor-image-box-description\"><br \/>\nGaudeix de tota l\u2019amplitud del front mar\u00edtim per caminar, passejar en fam\u00edlia, practicar esport o participar en les diverses activitats programades sense preocupar-te pel tr\u00e0nsit de vehicles.<\/p><\/div><\/div>\t\t\t\t<\/div>\n\t\t\t\t<\/div>\n\t\t\t\t<\/div>\n\t\t<div class=\"elementor-element elementor-element-7f143e6e e-con-full e-flex e-con e-child\" data-id=\"7f143e6e\" data-element_type=\"container\" data-e-type=\"container\">\n\t\t\t\t<div class=\"elementor-element elementor-element-1ef74ca6 elementor-widget elementor-widget-image\" data-id=\"1ef74ca6\" data-element_type=\"widget\" data-e-type=\"widget\" data-widget_type=\"image.default\">\n\t\t\t\t<div class=\"elementor-widget-container\">\n\t\t\t\t\t\t\t\t\t\t\t\t\t\t\t<img decoding=\"async\" width=\"2560\" height=\"1706\" src=\"https:\/\/lloretbatega.cat\/wp-content\/uploads\/2023\/09\/concepto-playa-bicicleta-scaled.jpg\" class=\"attachment-full size-full wp-image-177\" alt=\"\" srcset=\"https:\/\/lloretbatega.cat\/wp-content\/uploads\/2023\/09\/concepto-playa-bicicleta-scaled.jpg 2560w, https:\/\/lloretbatega.cat\/wp-content\/uploads\/2023\/09\/concepto-playa-bicicleta-300x200.jpg 300w, https:\/\/lloretbatega.cat\/wp-content\/uploads\/2023\/09\/concepto-playa-bicicleta-1024x683.jpg 1024w, https:\/\/lloretbatega.cat\/wp-content\/uploads\/2023\/09\/concepto-playa-bicicleta-768x512.jpg 768w, https:\/\/lloretbatega.cat\/wp-content\/uploads\/2023\/09\/concepto-playa-bicicleta-1536x1024.jpg 1536w, https:\/\/lloretbatega.cat\/wp-content\/uploads\/2023\/09\/concepto-playa-bicicleta-2048x1365.jpg 2048w\" sizes=\"(max-width: 2560px) 100vw, 2560px\" \/>\t\t\t\t\t\t\t\t\t\t\t\t\t\t\t<\/div>\n\t\t\t\t<\/div>\n\t\t\t\t<div class=\"elementor-element elementor-element-403afc92 elementor-invisible elementor-widget elementor-widget-image-box\" data-id=\"403afc92\" data-element_type=\"widget\" data-e-type=\"widget\" data-settings=\"{&quot;_animation&quot;:&quot;fadeInDown&quot;}\" data-widget_type=\"image-box.default\">\n\t\t\t\t<div class=\"elementor-widget-container\">\n\t\t\t\t\t<div class=\"elementor-image-box-wrapper\"><div class=\"elementor-image-box-content\"><h4 class=\"elementor-image-box-title\">EN BICICLETA<\/h4><p class=\"elementor-image-box-description\">Pots arribar fins a primera l\u00ednia de mar i circular, amb precauci\u00f3, per tota la fa\u00e7ana mar\u00edtima aprofitant aquest mitj\u00e0 de transport sostenible tan adient per a un municipi com el nostre.<\/p><\/div><\/div>\t\t\t\t<\/div>\n\t\t\t\t<\/div>\n\t\t\t\t<\/div>\n\t\t<div class=\"elementor-element elementor-element-6410cdf3 e-con-full e-flex e-con e-child\" data-id=\"6410cdf3\" data-element_type=\"container\" data-e-type=\"container\">\n\t\t\t\t<div class=\"elementor-element elementor-element-571c0ca3 elementor-widget elementor-widget-image\" data-id=\"571c0ca3\" data-element_type=\"widget\" data-e-type=\"widget\" data-widget_type=\"image.default\">\n\t\t\t\t<div class=\"elementor-widget-container\">\n\t\t\t\t\t\t\t\t\t\t\t\t\t\t\t<img loading=\"lazy\" decoding=\"async\" width=\"1633\" height=\"1088\" src=\"https:\/\/lloretbatega.cat\/wp-content\/uploads\/2023\/09\/concert-lloret.png\" class=\"attachment-full size-full wp-image-269\" alt=\"\" srcset=\"https:\/\/lloretbatega.cat\/wp-content\/uploads\/2023\/09\/concert-lloret.png 1633w, https:\/\/lloretbatega.cat\/wp-content\/uploads\/2023\/09\/concert-lloret-300x200.png 300w, https:\/\/lloretbatega.cat\/wp-content\/uploads\/2023\/09\/concert-lloret-1024x682.png 1024w, https:\/\/lloretbatega.cat\/wp-content\/uploads\/2023\/09\/concert-lloret-768x512.png 768w, https:\/\/lloretbatega.cat\/wp-content\/uploads\/2023\/09\/concert-lloret-1536x1023.png 1536w\" sizes=\"(max-width: 1633px) 100vw, 1633px\" \/>\t\t\t\t\t\t\t\t\t\t\t\t\t\t\t<\/div>\n\t\t\t\t<\/div>\n\t\t\t\t<div class=\"elementor-element elementor-element-6a6b7c35 elementor-invisible elementor-widget elementor-widget-image-box\" data-id=\"6a6b7c35\" data-element_type=\"widget\" data-e-type=\"widget\" data-settings=\"{&quot;_animation&quot;:&quot;fadeInDown&quot;}\" data-widget_type=\"image-box.default\">\n\t\t\t\t<div class=\"elementor-widget-container\">\n\t\t\t\t\t<div class=\"elementor-image-box-wrapper\"><div class=\"elementor-image-box-content\"><h4 class=\"elementor-image-box-title\"><a href=\"https:\/\/www.lloret.cat\/el-municipi\/agenda\">ACTIVITATS<\/a><\/h4><p class=\"elementor-image-box-description\">Volem que bateguis amb el passeig; per aix\u00f2 durant tot el cap de setmana trobar\u00e0s diferents activitats musicals i l\u00fadiques per dur a terme amb la fam\u00edlia.<br \/><br \/>\n\n<b><a href=\"https:\/\/www.lloret.cat\/el-municipi\/agenda\" style=\"color:White\" target=\"_blank\">Consulta les activitats --&gt;<\/a><\/b><\/p><\/div><\/div>\t\t\t\t<\/div>\n\t\t\t\t<\/div>\n\t\t\t\t<\/div>\n\t\t\t\t<\/div>\n\t\t\t\t<\/div>\n\t\t<div class=\"elementor-element elementor-element-5740577d e-flex e-con-boxed e-con e-parent\" data-id=\"5740577d\" data-element_type=\"container\" data-e-type=\"container\">\n\t\t\t\t\t<div class=\"e-con-inner\">\n\t\t<div class=\"elementor-element elementor-element-e0733f1 e-con-full e-flex e-con e-child\" data-id=\"e0733f1\" data-element_type=\"container\" data-e-type=\"container\">\n\t\t\t\t<div class=\"elementor-element elementor-element-44ba3ffd animated-slow elementor-invisible elementor-widget elementor-widget-heading\" data-id=\"44ba3ffd\" data-element_type=\"widget\" data-e-type=\"widget\" data-settings=\"{&quot;_animation&quot;:&quot;slideInUp&quot;}\" data-widget_type=\"heading.default\">\n\t\t\t\t<div class=\"elementor-widget-container\">\n\t\t\t\t\t<h2 class=\"elementor-heading-title elementor-size-default\">COM<br \/>\nARRIBAR?<\/h2>\t\t\t\t<\/div>\n\t\t\t\t<\/div>\n\t\t\t\t<\/div>\n\t\t\t\t<div class=\"elementor-element elementor-element-370eee8 elementor-widget__width-inherit elementor-widget elementor-widget-toggle\" data-id=\"370eee8\" data-element_type=\"widget\" data-e-type=\"widget\" data-widget_type=\"toggle.default\">\n\t\t\t\t<div class=\"elementor-widget-container\">\n\t\t\t\t\t\t\t<div class=\"elementor-toggle\">\n\t\t\t\t\t\t\t<div class=\"elementor-toggle-item\">\n\t\t\t\t\t<h3 id=\"elementor-tab-title-5771\" class=\"elementor-tab-title\" data-tab=\"1\" role=\"button\" aria-controls=\"elementor-tab-content-5771\" aria-expanded=\"false\">\n\t\t\t\t\t\t\t\t\t\t\t\t<span class=\"elementor-toggle-icon elementor-toggle-icon-right\" aria-hidden=\"true\">\n\t\t\t\t\t\t\t\t\t\t\t\t\t\t\t<span class=\"elementor-toggle-icon-closed\"><i class=\"fas fa-plus\"><\/i><\/span>\n\t\t\t\t\t\t\t\t<span class=\"elementor-toggle-icon-opened\"><i class=\"elementor-toggle-icon-opened fas fa-minus\"><\/i><\/span>\n\t\t\t\t\t\t\t\t\t\t\t\t\t<\/span>\n\t\t\t\t\t\t\t\t\t\t\t\t<a class=\"elementor-toggle-title\" tabindex=\"0\">TRANSPORT P\u00daBLIC<\/a>\n\t\t\t\t\t<\/h3>\n\n\t\t\t\t\t<div id=\"elementor-tab-content-5771\" class=\"elementor-tab-content elementor-clearfix\" data-tab=\"1\" role=\"region\" aria-labelledby=\"elementor-tab-title-5771\"><p>En transport p\u00fablic, el bus urb\u00e0 mantindr\u00e0 el seu servei habitual per arribar a les parades de sa Caleta, Museu del Mar i Ajuntament.<\/p><\/div>\n\t\t\t\t<\/div>\n\t\t\t\t\t\t\t<div class=\"elementor-toggle-item\">\n\t\t\t\t\t<h3 id=\"elementor-tab-title-5772\" class=\"elementor-tab-title\" data-tab=\"2\" role=\"button\" aria-controls=\"elementor-tab-content-5772\" aria-expanded=\"false\">\n\t\t\t\t\t\t\t\t\t\t\t\t<span class=\"elementor-toggle-icon elementor-toggle-icon-right\" aria-hidden=\"true\">\n\t\t\t\t\t\t\t\t\t\t\t\t\t\t\t<span class=\"elementor-toggle-icon-closed\"><i class=\"fas fa-plus\"><\/i><\/span>\n\t\t\t\t\t\t\t\t<span class=\"elementor-toggle-icon-opened\"><i class=\"elementor-toggle-icon-opened fas fa-minus\"><\/i><\/span>\n\t\t\t\t\t\t\t\t\t\t\t\t\t<\/span>\n\t\t\t\t\t\t\t\t\t\t\t\t<a class=\"elementor-toggle-title\" tabindex=\"0\">TAXIS<\/a>\n\t\t\t\t\t<\/h3>\n\n\t\t\t\t\t<div id=\"elementor-tab-content-5772\" class=\"elementor-tab-content elementor-clearfix\" data-tab=\"2\" role=\"region\" aria-labelledby=\"elementor-tab-title-5772\"><p>Els taxis en servei actiu tamb\u00e9 podran accedir per encotxar i desencotxar al passeig mar\u00edtim, per\u00f2 no per a travessar-lo circulant.<\/p><\/div>\n\t\t\t\t<\/div>\n\t\t\t\t\t\t\t<div class=\"elementor-toggle-item\">\n\t\t\t\t\t<h3 id=\"elementor-tab-title-5773\" class=\"elementor-tab-title\" data-tab=\"3\" role=\"button\" aria-controls=\"elementor-tab-content-5773\" aria-expanded=\"false\">\n\t\t\t\t\t\t\t\t\t\t\t\t<span class=\"elementor-toggle-icon elementor-toggle-icon-right\" aria-hidden=\"true\">\n\t\t\t\t\t\t\t\t\t\t\t\t\t\t\t<span class=\"elementor-toggle-icon-closed\"><i class=\"fas fa-plus\"><\/i><\/span>\n\t\t\t\t\t\t\t\t<span class=\"elementor-toggle-icon-opened\"><i class=\"elementor-toggle-icon-opened fas fa-minus\"><\/i><\/span>\n\t\t\t\t\t\t\t\t\t\t\t\t\t<\/span>\n\t\t\t\t\t\t\t\t\t\t\t\t<a class=\"elementor-toggle-title\" tabindex=\"0\">MOTO<\/a>\n\t\t\t\t\t<\/h3>\n\n\t\t\t\t\t<div id=\"elementor-tab-content-5773\" class=\"elementor-tab-content elementor-clearfix\" data-tab=\"3\" role=\"region\" aria-labelledby=\"elementor-tab-title-5773\"><p>En moto caldr\u00e0 accedir i sortir a trav\u00e9s de la rambla de Rom\u00e0 Barn\u00e9s, on es mantindran les nombroses places d\u2019estacionament per a moto, el passeig de Verdaguer, el carrer de Joan Durall i l\u2019avinguda de Joan Llaverias, per arribar a l\u2019avinguda de Pau Casals.<\/p><\/div>\n\t\t\t\t<\/div>\n\t\t\t\t\t\t\t<div class=\"elementor-toggle-item\">\n\t\t\t\t\t<h3 id=\"elementor-tab-title-5774\" class=\"elementor-tab-title\" data-tab=\"4\" role=\"button\" aria-controls=\"elementor-tab-content-5774\" aria-expanded=\"false\">\n\t\t\t\t\t\t\t\t\t\t\t\t<span class=\"elementor-toggle-icon elementor-toggle-icon-right\" aria-hidden=\"true\">\n\t\t\t\t\t\t\t\t\t\t\t\t\t\t\t<span class=\"elementor-toggle-icon-closed\"><i class=\"fas fa-plus\"><\/i><\/span>\n\t\t\t\t\t\t\t\t<span class=\"elementor-toggle-icon-opened\"><i class=\"elementor-toggle-icon-opened fas fa-minus\"><\/i><\/span>\n\t\t\t\t\t\t\t\t\t\t\t\t\t<\/span>\n\t\t\t\t\t\t\t\t\t\t\t\t<a class=\"elementor-toggle-title\" tabindex=\"0\">COTXE<\/a>\n\t\t\t\t\t<\/h3>\n\n\t\t\t\t\t<div id=\"elementor-tab-content-5774\" class=\"elementor-tab-content elementor-clearfix\" data-tab=\"4\" role=\"region\" aria-labelledby=\"elementor-tab-title-5774\"><p>En cotxe, podran accedir als seus aparcaments a trav\u00e9s del passeig circulant amb molta precauci\u00f3 totes les persones amb guals al passeig d\u2019Agust\u00ed i Font.<\/p><p>Els vehicles autoritzats podran continuar accedint a l\u2019illa de vianants a trav\u00e9s de la rambla de Rom\u00e0 Barn\u00e9s, per\u00f2 hauran d\u2019abandonar-la a trav\u00e9s del passeig de Verdaguer, el carrer de Joan Durall i l\u2019avinguda de Joan Llaverias fins a l\u2019avinguda de Pau Casals.<\/p><p>El punt de c\u00e0rrega romandr\u00e0 deshabilitat en aquest per\u00edode.<\/p><\/div>\n\t\t\t\t<\/div>\n\t\t\t\t\t\t\t<div class=\"elementor-toggle-item\">\n\t\t\t\t\t<h3 id=\"elementor-tab-title-5775\" class=\"elementor-tab-title\" data-tab=\"5\" role=\"button\" aria-controls=\"elementor-tab-content-5775\" aria-expanded=\"false\">\n\t\t\t\t\t\t\t\t\t\t\t\t<span class=\"elementor-toggle-icon elementor-toggle-icon-right\" aria-hidden=\"true\">\n\t\t\t\t\t\t\t\t\t\t\t\t\t\t\t<span class=\"elementor-toggle-icon-closed\"><i class=\"fas fa-plus\"><\/i><\/span>\n\t\t\t\t\t\t\t\t<span class=\"elementor-toggle-icon-opened\"><i class=\"elementor-toggle-icon-opened fas fa-minus\"><\/i><\/span>\n\t\t\t\t\t\t\t\t\t\t\t\t\t<\/span>\n\t\t\t\t\t\t\t\t\t\t\t\t<a class=\"elementor-toggle-title\" tabindex=\"0\">MERCADERIES<\/a>\n\t\t\t\t\t<\/h3>\n\n\t\t\t\t\t<div id=\"elementor-tab-content-5775\" class=\"elementor-tab-content elementor-clearfix\" data-tab=\"5\" role=\"region\" aria-labelledby=\"elementor-tab-title-5775\"><p>Les tasques de c\u00e0rrega i desc\u00e0rrega de la\u00a0<strong>distribuci\u00f3 urbana\u00a0 de mercaderies<\/strong>\u00a0en aquesta zona es faran de 7 a 12 h al passeig de Verdaguer. Tamb\u00e9 s\u2019habilitar\u00e0 un espai a l\u2019entrada pel passeig de Camprodon i Arrieta per a aquestes tasques en l\u2019horari habitual del passeig, de 8 i 13 h.<\/p><\/div>\n\t\t\t\t<\/div>\n\t\t\t\t\t\t\t<div class=\"elementor-toggle-item\">\n\t\t\t\t\t<h3 id=\"elementor-tab-title-5776\" class=\"elementor-tab-title\" data-tab=\"6\" role=\"button\" aria-controls=\"elementor-tab-content-5776\" aria-expanded=\"false\">\n\t\t\t\t\t\t\t\t\t\t\t\t<span class=\"elementor-toggle-icon elementor-toggle-icon-right\" aria-hidden=\"true\">\n\t\t\t\t\t\t\t\t\t\t\t\t\t\t\t<span class=\"elementor-toggle-icon-closed\"><i class=\"fas fa-plus\"><\/i><\/span>\n\t\t\t\t\t\t\t\t<span class=\"elementor-toggle-icon-opened\"><i class=\"elementor-toggle-icon-opened fas fa-minus\"><\/i><\/span>\n\t\t\t\t\t\t\t\t\t\t\t\t\t<\/span>\n\t\t\t\t\t\t\t\t\t\t\t\t<a class=\"elementor-toggle-title\" tabindex=\"0\">BUS DISCRECIONAL<\/a>\n\t\t\t\t\t<\/h3>\n\n\t\t\t\t\t<div id=\"elementor-tab-content-5776\" class=\"elementor-tab-content elementor-clearfix\" data-tab=\"6\" role=\"region\" aria-labelledby=\"elementor-tab-title-5776\"><p>Els\u00a0<strong>busos discrecionals<\/strong>\u00a0hauran de fer \u00fas de les parades situades a l\u2019avinguda de Just Marl\u00e9s i a l\u2019avinguda de Pau Casals. No podran circular pel front mar\u00edtim.<\/p><\/div>\n\t\t\t\t<\/div>\n\t\t\t\t\t\t\t\t<\/div>\n\t\t\t\t\t\t<\/div>\n\t\t\t\t<\/div>\n\t\t\t\t\t<\/div>\n\t\t\t\t<\/div>\n\t\t<div class=\"elementor-element elementor-element-91d7e02 e-flex e-con-boxed e-con e-parent\" data-id=\"91d7e02\" data-element_type=\"container\" data-e-type=\"container\">\n\t\t\t\t\t<div class=\"e-con-inner\">\n\t\t\t\t<div class=\"elementor-element elementor-element-ffc290c animated-slow elementor-invisible elementor-widget elementor-widget-heading\" data-id=\"ffc290c\" data-element_type=\"widget\" data-e-type=\"widget\" data-settings=\"{&quot;_animation&quot;:&quot;slideInUp&quot;}\" data-widget_type=\"heading.default\">\n\t\t\t\t<div class=\"elementor-widget-container\">\n\t\t\t\t\t<h3 class=\"elementor-heading-title elementor-size-default\">APARCAMENTS<\/h3>\t\t\t\t<\/div>\n\t\t\t\t<\/div>\n\t\t\t\t\t<\/div>\n\t\t\t\t<\/div>\n\t\t<div class=\"elementor-element elementor-element-b9d74e4 e-flex e-con-boxed e-con e-parent\" data-id=\"b9d74e4\" data-element_type=\"container\" data-e-type=\"container\">\n\t\t\t\t\t<div class=\"e-con-inner\">\n\t\t<div class=\"elementor-element elementor-element-c6c6d85 e-con-full e-flex e-con e-child\" data-id=\"c6c6d85\" data-element_type=\"container\" data-e-type=\"container\">\n\t\t\t\t<div class=\"elementor-element elementor-element-63720e4 elementor-widget elementor-widget-image\" data-id=\"63720e4\" data-element_type=\"widget\" data-e-type=\"widget\" data-widget_type=\"image.default\">\n\t\t\t\t<div class=\"elementor-widget-container\">\n\t\t\t\t\t\t\t\t\t\t\t\t\t\t\t<img loading=\"lazy\" decoding=\"async\" width=\"800\" height=\"600\" src=\"https:\/\/lloretbatega.cat\/wp-content\/uploads\/2023\/09\/dissu-1024x768.jpg\" class=\"attachment-large size-large wp-image-287\" alt=\"aparcament dissuasiu\" srcset=\"https:\/\/lloretbatega.cat\/wp-content\/uploads\/2023\/09\/dissu-1024x768.jpg 1024w, https:\/\/lloretbatega.cat\/wp-content\/uploads\/2023\/09\/dissu-300x225.jpg 300w, https:\/\/lloretbatega.cat\/wp-content\/uploads\/2023\/09\/dissu-768x576.jpg 768w, https:\/\/lloretbatega.cat\/wp-content\/uploads\/2023\/09\/dissu-1536x1152.jpg 1536w, https:\/\/lloretbatega.cat\/wp-content\/uploads\/2023\/09\/dissu.jpg 2048w\" sizes=\"(max-width: 800px) 100vw, 800px\" \/>\t\t\t\t\t\t\t\t\t\t\t\t\t\t\t<\/div>\n\t\t\t\t<\/div>\n\t\t\t\t<\/div>\n\t\t<div class=\"elementor-element elementor-element-150912d e-con-full e-flex e-con e-child\" data-id=\"150912d\" data-element_type=\"container\" data-e-type=\"container\">\n\t\t<div class=\"elementor-element elementor-element-fe20c56 e-flex e-con-boxed e-con e-child\" data-id=\"fe20c56\" data-element_type=\"container\" data-e-type=\"container\">\n\t\t\t\t\t<div class=\"e-con-inner\">\n\t\t\t\t<div class=\"elementor-element elementor-element-4e8a585 elementor-widget elementor-widget-text-editor\" data-id=\"4e8a585\" data-element_type=\"widget\" data-e-type=\"widget\" data-widget_type=\"text-editor.default\">\n\t\t\t\t<div class=\"elementor-widget-container\">\n\t\t\t\t\t\t\t\t\t<p>Et recomanem fer \u00fas dels\u00a0<strong>aparcaments municipals<\/strong>\u00a0que envolten el nucli antic, com s\u00f3n el de l\u2019avinguda de la Vila de Tossa (barri dels Pescadors), el de la pla\u00e7a de Pere Torrent i el de sa Caleta, aix\u00ed com de les zones d\u2019estacionament dissuasiu situades a l\u2019avinguda de les Alegries (amb connexi\u00f3 de bus) i a Can Lloranes (gratu\u00eft des del 12\/09).<\/p><p>S\u2019habilitaran la majoria de les travesseres del passeig mar\u00edtim per a l\u2019<strong>aparcament de motos<\/strong>, com a alternativa a l\u2019aparcament principal del passeig d\u2019Agust\u00ed i Font.<\/p>\t\t\t\t\t\t\t\t<\/div>\n\t\t\t\t<\/div>\n\t\t\t\t\t<\/div>\n\t\t\t\t<\/div>\n\t\t\t\t<\/div>\n\t\t\t\t\t<\/div>\n\t\t\t\t<\/div>\n\t\t\t\t<\/div>\n\t\t","protected":false},"excerpt":{"rendered":"<p>LLORET RESPIRA Menys contaminaci\u00f3, m\u00e9s sostenibilitat. Redu\u00efm la quantitat de vehicles que circulen per primera l\u00ednia de mar. M\u00c9S TRANQUIL\u00b7LITAT Minorem el soroll, la densitat de tr\u00e0nsit i el ritme fren\u00e8tic afavorint un entorn m\u00e9s segur i amable. FEM SALUT Fomentem els despla\u00e7aments a peu i en bicicleta i els seus beneficis per al benestar [&hellip;]<\/p>\n","protected":false},"author":1,"featured_media":108,"parent":59,"menu_order":0,"comment_status":"closed","ping_status":"closed","template":"","meta":{"footnotes":""},"class_list":["post-254","page","type-page","status-publish","has-post-thumbnail","hentry"],"_links":{"self":[{"href":"https:\/\/lloretbatega.cat\/index.php?rest_route=\/wp\/v2\/pages\/254","targetHints":{"allow":["GET"]}}],"collection":[{"href":"https:\/\/lloretbatega.cat\/index.php?rest_route=\/wp\/v2\/pages"}],"about":[{"href":"https:\/\/lloretbatega.cat\/index.php?rest_route=\/wp\/v2\/types\/page"}],"author":[{"embeddable":true,"href":"https:\/\/lloretbatega.cat\/index.php?rest_route=\/wp\/v2\/users\/1"}],"replies":[{"embeddable":true,"href":"https:\/\/lloretbatega.cat\/index.php?rest_route=%2Fwp%2Fv2%2Fcomments&post=254"}],"version-history":[{"count":47,"href":"https:\/\/lloretbatega.cat\/index.php?rest_route=\/wp\/v2\/pages\/254\/revisions"}],"predecessor-version":[{"id":389,"href":"https:\/\/lloretbatega.cat\/index.php?rest_route=\/wp\/v2\/pages\/254\/revisions\/389"}],"up":[{"embeddable":true,"href":"https:\/\/lloretbatega.cat\/index.php?rest_route=\/wp\/v2\/pages\/59"}],"wp:featuredmedia":[{"embeddable":true,"href":"https:\/\/lloretbatega.cat\/index.php?rest_route=\/wp\/v2\/media\/108"}],"wp:attachment":[{"href":"https:\/\/lloretbatega.cat\/index.php?rest_route=%2Fwp%2Fv2%2Fmedia&parent=254"}],"curies":[{"name":"wp","href":"https:\/\/api.w.org\/{rel}","templated":true}]}}